{"id":4018,"date":"2026-04-28T13:03:26","date_gmt":"2026-04-28T11:03:26","guid":{"rendered":"https:\/\/www.load.se\/project\/stockholm-ibm-power-event\/"},"modified":"2026-04-29T15:38:07","modified_gmt":"2026-04-29T13:38:07","slug":"stockholm-ibm-power-event","status":"publish","type":"project","link":"https:\/\/www.load.se\/da\/project\/stockholm-ibm-power-event\/","title":{"rendered":"Stockholm \u2013 IBM Power Event"},"content":{"rendered":"<p>[et_pb_section fb_built=&#8221;1&#8243; _builder_version=&#8221;4.27.4&#8243; _module_preset=&#8221;default&#8221; custom_padding=&#8221;100px||100px||true|false&#8221; global_colors_info=&#8221;{}&#8221;][et_pb_row column_structure=&#8221;1_2,1_2&#8243; _builder_version=&#8221;4.27.6&#8243; _module_preset=&#8221;default&#8221; custom_padding=&#8221;0px||0px|||&#8221; global_colors_info=&#8221;{}&#8221;][et_pb_column type=&#8221;1_2&#8243; _builder_version=&#8221;4.27.4&#8243; _module_preset=&#8221;default&#8221; background_enable_color=&#8221;off&#8221; global_colors_info=&#8221;{}&#8221;][et_pb_heading title=&#8221;Stockholm \u2013 IBM Power Event&#8221; _builder_version=&#8221;4.27.6&#8243; _module_preset=&#8221;default&#8221; custom_margin=&#8221;||20px|||&#8221; global_colors_info=&#8221;{}&#8221;][\/et_pb_heading][et_pb_text _builder_version=&#8221;4.27.6&#8243; _module_preset=&#8221;default&#8221; custom_padding=&#8221;0px||||false|false&#8221; hover_enabled=&#8221;0&#8243; global_colors_info=&#8221;{}&#8221; sticky_enabled=&#8221;0&#8243;]<\/p>\n<p><span>Pr\u00e6senteret af Load, IBM, SUSE, NordicMind og EnterpriseDB<\/span><\/p>\n<p>\ud83d\udccd<span> Sted: Stockholm, Vasagatan 16 (IBMs kontor)<\/span><\/p>\n<p>\ud83d\udcc5<span> Dato: 27-05-2026<\/span><\/p>\n<p>\ud83d\udd58<span> Tid: 09:00 \u2013 14:00<\/span><\/p>\n<p>[\/et_pb_text][et_pb_image src=&#8221;https:\/\/www.load.se\/wp-content\/uploads\/2025\/12\/power11_feat-1024&#215;576.png&#8221; title_text=&#8221;power11_feat&#8221; _builder_version=&#8221;4.27.6&#8243; _module_preset=&#8221;default&#8221; global_colors_info=&#8221;{}&#8221;][\/et_pb_image][\/et_pb_column][et_pb_column type=&#8221;1_2&#8243; _builder_version=&#8221;4.27.4&#8243; _module_preset=&#8221;default&#8221; background_enable_color=&#8221;off&#8221; global_colors_info=&#8221;{}&#8221;][et_pb_heading title=&#8221;Tilmeld dig her&#8221; _builder_version=&#8221;4.27.6&#8243; _module_preset=&#8221;default&#8221; global_colors_info=&#8221;{}&#8221;][\/et_pb_heading][et_pb_contact_form email=&#8221;info@load.se&#8221; _builder_version=&#8221;4.27.6&#8243; _module_preset=&#8221;default&#8221; _unique_id=&#8221;424dd22b-1a2e-41fa-be91-b7722982479b&#8221; global_colors_info=&#8221;{}&#8221;][et_pb_contact_field field_id=&#8221;Name&#8221; field_title=&#8221;Navn&#8221; _builder_version=&#8221;4.16&#8243; global_colors_info=&#8221;{}&#8221; button_text_size__hover_enabled=&#8221;off&#8221; button_one_text_size__hover_enabled=&#8221;off&#8221; button_two_text_size__hover_enabled=&#8221;off&#8221; button_text_color__hover_enabled=&#8221;off&#8221; button_one_text_color__hover_enabled=&#8221;off&#8221; button_two_text_color__hover_enabled=&#8221;off&#8221; button_border_width__hover_enabled=&#8221;off&#8221; button_one_border_width__hover_enabled=&#8221;off&#8221; button_two_border_width__hover_enabled=&#8221;off&#8221; button_border_color__hover_enabled=&#8221;off&#8221; button_one_border_color__hover_enabled=&#8221;off&#8221; button_two_border_color__hover_enabled=&#8221;off&#8221; button_border_radius__hover_enabled=&#8221;off&#8221; button_one_border_radius__hover_enabled=&#8221;off&#8221; button_two_border_radius__hover_enabled=&#8221;off&#8221; button_letter_spacing__hover_enabled=&#8221;off&#8221; button_one_letter_spacing__hover_enabled=&#8221;off&#8221; button_two_letter_spacing__hover_enabled=&#8221;off&#8221; button_bg_color__hover_enabled=&#8221;off&#8221; button_one_bg_color__hover_enabled=&#8221;off&#8221; button_two_bg_color__hover_enabled=&#8221;off&#8221;][\/et_pb_contact_field][et_pb_contact_field field_id=&#8221;LastName&#8221; field_title=&#8221;Efternavn&#8221; _builder_version=&#8221;4.27.6&#8243; global_colors_info=&#8221;{}&#8221; button_text_size__hover_enabled=&#8221;off&#8221; button_one_text_size__hover_enabled=&#8221;off&#8221; button_two_text_size__hover_enabled=&#8221;off&#8221; button_text_color__hover_enabled=&#8221;off&#8221; button_one_text_color__hover_enabled=&#8221;off&#8221; button_two_text_color__hover_enabled=&#8221;off&#8221; button_border_width__hover_enabled=&#8221;off&#8221; button_one_border_width__hover_enabled=&#8221;off&#8221; button_two_border_width__hover_enabled=&#8221;off&#8221; button_border_color__hover_enabled=&#8221;off&#8221; button_one_border_color__hover_enabled=&#8221;off&#8221; button_two_border_color__hover_enabled=&#8221;off&#8221; button_border_radius__hover_enabled=&#8221;off&#8221; button_one_border_radius__hover_enabled=&#8221;off&#8221; button_two_border_radius__hover_enabled=&#8221;off&#8221; button_letter_spacing__hover_enabled=&#8221;off&#8221; button_one_letter_spacing__hover_enabled=&#8221;off&#8221; button_two_letter_spacing__hover_enabled=&#8221;off&#8221; button_bg_color__hover_enabled=&#8221;off&#8221; button_one_bg_color__hover_enabled=&#8221;off&#8221; button_two_bg_color__hover_enabled=&#8221;off&#8221;][\/et_pb_contact_field][et_pb_contact_field field_id=&#8221;Email&#8221; field_title=&#8221;E-mailadresse&#8221; field_type=&#8221;email&#8221; _builder_version=&#8221;4.16&#8243; global_colors_info=&#8221;{}&#8221; button_text_size__hover_enabled=&#8221;off&#8221; button_one_text_size__hover_enabled=&#8221;off&#8221; button_two_text_size__hover_enabled=&#8221;off&#8221; button_text_color__hover_enabled=&#8221;off&#8221; button_one_text_color__hover_enabled=&#8221;off&#8221; button_two_text_color__hover_enabled=&#8221;off&#8221; button_border_width__hover_enabled=&#8221;off&#8221; button_one_border_width__hover_enabled=&#8221;off&#8221; button_two_border_width__hover_enabled=&#8221;off&#8221; button_border_color__hover_enabled=&#8221;off&#8221; button_one_border_color__hover_enabled=&#8221;off&#8221; button_two_border_color__hover_enabled=&#8221;off&#8221; button_border_radius__hover_enabled=&#8221;off&#8221; button_one_border_radius__hover_enabled=&#8221;off&#8221; button_two_border_radius__hover_enabled=&#8221;off&#8221; button_letter_spacing__hover_enabled=&#8221;off&#8221; button_one_letter_spacing__hover_enabled=&#8221;off&#8221; button_two_letter_spacing__hover_enabled=&#8221;off&#8221; button_bg_color__hover_enabled=&#8221;off&#8221; button_one_bg_color__hover_enabled=&#8221;off&#8221; button_two_bg_color__hover_enabled=&#8221;off&#8221;][\/et_pb_contact_field][et_pb_contact_field field_id=&#8221;company&#8221; field_title=&#8221;Virksomhed&#8221; fullwidth_field=&#8221;on&#8221; _builder_version=&#8221;4.27.6&#8243; _module_preset=&#8221;default&#8221; global_colors_info=&#8221;{}&#8221;][\/et_pb_contact_field][et_pb_contact_field field_id=&#8221;Message&#8221; field_title=&#8221;Besked&#8221; field_type=&#8221;text&#8221; required_mark=&#8221;off&#8221; fullwidth_field=&#8221;on&#8221; _builder_version=&#8221;4.27.6&#8243; global_colors_info=&#8221;{}&#8221; button_text_size__hover_enabled=&#8221;off&#8221; button_one_text_size__hover_enabled=&#8221;off&#8221; button_two_text_size__hover_enabled=&#8221;off&#8221; button_text_color__hover_enabled=&#8221;off&#8221; button_one_text_color__hover_enabled=&#8221;off&#8221; button_two_text_color__hover_enabled=&#8221;off&#8221; button_border_width__hover_enabled=&#8221;off&#8221; button_one_border_width__hover_enabled=&#8221;off&#8221; button_two_border_width__hover_enabled=&#8221;off&#8221; button_border_color__hover_enabled=&#8221;off&#8221; button_one_border_color__hover_enabled=&#8221;off&#8221; button_two_border_color__hover_enabled=&#8221;off&#8221; button_border_radius__hover_enabled=&#8221;off&#8221; button_one_border_radius__hover_enabled=&#8221;off&#8221; button_two_border_radius__hover_enabled=&#8221;off&#8221; button_letter_spacing__hover_enabled=&#8221;off&#8221; button_one_letter_spacing__hover_enabled=&#8221;off&#8221; button_two_letter_spacing__hover_enabled=&#8221;off&#8221; button_bg_color__hover_enabled=&#8221;off&#8221; button_one_bg_color__hover_enabled=&#8221;off&#8221; button_two_bg_color__hover_enabled=&#8221;off&#8221;][\/et_pb_contact_field][\/et_pb_contact_form][\/et_pb_column][\/et_pb_row][\/et_pb_section][et_pb_section fb_built=&#8221;1&#8243; _builder_version=&#8221;4.27.4&#8243; _module_preset=&#8221;default&#8221; custom_margin=&#8221;||2px|||&#8221; global_colors_info=&#8221;{}&#8221;][et_pb_row column_structure=&#8221;1_3,1_3,1_3&#8243; _builder_version=&#8221;4.27.4&#8243; _module_preset=&#8221;default&#8221; background_color=&#8221;gcid-c99e8569-e73a-4475-92a4-a1a7fec8f2cc&#8221; custom_padding=&#8221;32px|32px|32px|32px|false|false&#8221; global_colors_info=&#8221;{%22gcid-c99e8569-e73a-4475-92a4-a1a7fec8f2cc%22:%91%22background_color%22%93}&#8221;][et_pb_column type=&#8221;1_3&#8243; _builder_version=&#8221;4.27.4&#8243; _module_preset=&#8221;default&#8221; global_colors_info=&#8221;{}&#8221;][et_pb_icon font_icon=&#8221;&#xf0a1;||fa||900&#8243; icon_color=&#8221;gcid-secondary-color&#8221; icon_width=&#8221;48px&#8221; align=&#8221;left&#8221; _builder_version=&#8221;4.27.6&#8243; _module_preset=&#8221;default&#8221; global_colors_info=&#8221;{%22gcid-secondary-color%22:%91%22icon_color%22%93}&#8221;][\/et_pb_icon][et_pb_text _builder_version=&#8221;4.27.6&#8243; _module_preset=&#8221;default&#8221; text_font=&#8221;IBM Plex Sans||||||||&#8221; text_text_color=&#8221;#FFFFFF&#8221; text_font_size=&#8221;24px&#8221; global_colors_info=&#8221;{%22gcid-secondary-color%22:%91%22header_text_color%22,%22header_text_color%22%93}&#8221;]<\/p>\n<p>L\u00e6r af f\u00f8rende eksperter<\/p>\n<p>[\/et_pb_text][et_pb_text _builder_version=&#8221;4.27.6&#8243; _module_preset=&#8221;default&#8221; text_text_color=&#8221;#FFFFFF&#8221; text_font_size=&#8221;16px&#8221; global_colors_info=&#8221;{%22gcid-secondary-color%22:%91%22header_text_color%22,%22header_text_color%22%93}&#8221;]<\/p>\n<p>F\u00e5 f\u00f8rsteh\u00e5ndsindsigt fra IBM, SUSE og EnterpriseDB om, hvordan moderne enterprise-milj\u00f8er opbygges. Opdag, hvorfor IBM Power, open source og de rette arkitekturvalg er afg\u00f8rende for fremtidens IT-drift. H\u00f8r om virkelige kundecases og tekniske erfaringer fra felten.  <\/p>\n<p>[\/et_pb_text][\/et_pb_column][et_pb_column type=&#8221;1_3&#8243; _builder_version=&#8221;4.27.4&#8243; _module_preset=&#8221;default&#8221; global_colors_info=&#8221;{}&#8221;][et_pb_icon font_icon=&#8221;&#xe0fd;||divi||400&#8243; icon_color=&#8221;gcid-secondary-color&#8221; icon_width=&#8221;48px&#8221; align=&#8221;left&#8221; _builder_version=&#8221;4.27.6&#8243; _module_preset=&#8221;default&#8221; global_colors_info=&#8221;{%22gcid-secondary-color%22:%91%22icon_color%22%93}&#8221;][\/et_pb_icon][et_pb_text _builder_version=&#8221;4.27.6&#8243; _module_preset=&#8221;default&#8221; text_font=&#8221;IBM Plex Sans||||||||&#8221; text_text_color=&#8221;#FFFFFF&#8221; text_font_size=&#8221;24px&#8221; global_colors_info=&#8221;{%22gcid-secondary-color%22:%91%22header_text_color%22,%22header_text_color%22%93}&#8221;]<\/p>\n<p>Byg moderne IT-infrastruktur<\/p>\n<p>[\/et_pb_text][et_pb_text _builder_version=&#8221;4.27.6&#8243; _module_preset=&#8221;default&#8221; text_text_color=&#8221;#FFFFFF&#8221; text_font_size=&#8221;16px&#8221; global_colors_info=&#8221;{%22gcid-secondary-color%22:%91%22header_text_color%22,%22header_text_color%22%93}&#8221;]<\/p>\n<p>Fordyb dig i SUSE Linux Enterprise og EnterpriseDB i praktiske, virkelighedsn\u00e6re scenarier. L\u00e6r, hvordan du opbygger sikker, skalerbar og omkostningseffektiv drift med open source i enterprise-milj\u00f8er. Konkrete l\u00f8sninger, som du kan anvende direkte i din egen IT-strategi.  <\/p>\n<p>[\/et_pb_text][\/et_pb_column][et_pb_column type=&#8221;1_3&#8243; _builder_version=&#8221;4.27.4&#8243; _module_preset=&#8221;default&#8221; global_colors_info=&#8221;{}&#8221;][et_pb_icon font_icon=&#8221;&#xf0c0;||fa||900&#8243; icon_color=&#8221;gcid-secondary-color&#8221; icon_width=&#8221;48px&#8221; align=&#8221;left&#8221; _builder_version=&#8221;4.27.6&#8243; _module_preset=&#8221;default&#8221; global_colors_info=&#8221;{%22gcid-secondary-color%22:%91%22icon_color%22%93}&#8221;][\/et_pb_icon][et_pb_text _builder_version=&#8221;4.27.6&#8243; _module_preset=&#8221;default&#8221; text_font=&#8221;IBM Plex Sans||||||||&#8221; text_text_color=&#8221;#FFFFFF&#8221; text_font_size=&#8221;24px&#8221; global_colors_info=&#8221;{%22gcid-secondary-color%22:%91%22header_text_color%22,%22header_text_color%22%93}&#8221;]<\/p>\n<p>Netv\u00e6rk &amp; strategiske perspektiver<\/p>\n<p>[\/et_pb_text][et_pb_text _builder_version=&#8221;4.27.6&#8243; _module_preset=&#8221;default&#8221; text_text_color=&#8221;#FFFFFF&#8221; text_font_size=&#8221;16px&#8221; global_colors_info=&#8221;{%22gcid-secondary-color%22:%91%22header_text_color%22,%22header_text_color%22%93}&#8221;]<\/p>\n<p>Deltag i paneldiskussioner og whiteboard-sessioner med eksperter og beslutningstagere. Diskuter TCO, ydeevne, licensfrihed og fremtidige valgmuligheder inden for enterprise open source. Skab v\u00e6rdifulde kontakter og f\u00e5 svar p\u00e5 dine egne udfordringer.  <\/p>\n<p>[\/et_pb_text][\/et_pb_column][\/et_pb_row][\/et_pb_section][et_pb_section fb_built=&#8221;1&#8243; _builder_version=&#8221;4.27.4&#8243; _module_preset=&#8221;default&#8221; global_colors_info=&#8221;{}&#8221;][et_pb_row _builder_version=&#8221;4.27.4&#8243; _module_preset=&#8221;default&#8221; custom_padding=&#8221;0px||0px|||&#8221; global_colors_info=&#8221;{}&#8221;][et_pb_column type=&#8221;4_4&#8243; _builder_version=&#8221;4.27.4&#8243; _module_preset=&#8221;default&#8221; background_enable_color=&#8221;off&#8221; global_colors_info=&#8221;{}&#8221;][et_pb_heading title=&#8221;Program&#8221; _builder_version=&#8221;4.27.6&#8243; _module_preset=&#8221;default&#8221; global_colors_info=&#8221;{}&#8221;][\/et_pb_heading][et_pb_text _builder_version=&#8221;4.27.6&#8243; _module_preset=&#8221;default&#8221; custom_margin=&#8221;|48px|19px|||&#8221; custom_padding=&#8221;0px||||false|false&#8221; hover_enabled=&#8221;0&#8243; global_colors_info=&#8221;{}&#8221; sticky_enabled=&#8221;0&#8243;]<\/p>\n<p><em>Bem\u00e6rk venligst, at dette er en forel\u00f8big dagsorden, og at \u00e6ndringer kan forekomme.<\/em><\/p>\n<p><span>Dette er en forel\u00f8big dagsorden, som kan \u00e6ndres forud for arrangementet.<\/span><\/p>\n<h5><span>08:30 \u2013 09:00 | Registrering &amp; kaffe<\/span><\/h5>\n<p><span>Velkomst morgenmad, netv\u00e6rk <\/span><\/p>\n<h5><span>09:00 \u2013 09:15 | Velkomst &amp; \u00e5bningstale<\/span><\/h5>\n<p><span>Talere: <strong>Stefan Blom, Bloom IT + Mathias Pedersen, IBM<\/strong><\/span><\/p>\n<ul>\n<li><span>Introduktion og form\u00e5let med arrangementet<\/span><\/li>\n<li><span>Oversigt over moderniseringsrejsen inden for enterprise-infrastruktur med IBM Power<\/span><\/li>\n<\/ul>\n<h5><span>09:15 \u2013 10:00 | Keynote: Hvorfor IBM Power er fremtidens platform for sikker og skalerbar enterprise-drift<\/span><\/h5>\n<p><span>Taler: <strong>Torbj\u00f6rn Appehl, Load<\/strong><\/span><\/p>\n<ul>\n<li><span>Hvorfor modernisering betyder noget<\/span><\/li>\n<li><span>IBM Power som fremtidssikret platform med \u00e5ben kildekode<\/span><\/li>\n<li><span>Kundecases og tekniske h\u00f8jdepunkter<\/span><\/li>\n<\/ul>\n<h5><span>10:00 \u2013 10:15 | Pause &amp; kaffe<\/span><\/h5>\n<h5><span>10:15 \u2013 11:00 | SUSE Linux Enterprise: Open Source uden kompromiser<\/span><\/h5>\n<p><span>Taler:<strong> Arschad Memon \u2013 SUSE<\/strong><\/span><\/p>\n<ul>\n<li><span>SUSE Linux Enterprise p\u00e5 IBM Power<\/span><\/li>\n<li><span>Sikkerhed, stabilitet og langsigtet support<\/span><\/li>\n<li><span>Virkelige kundeeksempler<\/span><\/li>\n<\/ul>\n<h5><span>11:00 \u2013 11:45 | EnterpriseDB \u2013 Open Source-database i enterprise-skala<\/span><\/h5>\n<p><span>Taler: <strong>Jakob Brandel, EDB<\/strong><\/span><\/p>\n<ul>\n<li><span>EDB&#8217;s baggrund og PostgreSQL-\u00f8kosystemet<\/span><\/li>\n<li><span>EDB&#8217;s arkitektur og enterprise-funktioner<\/span><\/li>\n<li><span>High Availability og skalerbarhed<\/span><\/li>\n<li><span>Kundecases<\/span><\/li>\n<\/ul>\n<h5><span>11:45 \u2013 12:30 | Panel: Enterprise Open Source \u2013 IBM, SUSE, EDB <\/span><\/h5>\n<p><span>Moderator: <strong>Stefan Blom<\/strong><\/span><\/p>\n<ul>\n<li><span>\u00c5ben diskussion om TCO, licensfrihed, ydeevne og platformsneutralitet<\/span><\/li>\n<li><span>Sp\u00f8rgsm\u00e5l fra publikum<\/span><span> <\/span><\/li>\n<\/ul>\n<h5><span>12:30 \u2013 14:00 | Frokost &amp; netv\u00e6rk<\/span><\/h5>\n<p>[\/et_pb_text][\/et_pb_column][\/et_pb_row][\/et_pb_section][et_pb_section fb_built=&#8221;1&#8243; _builder_version=&#8221;4.27.4&#8243; _module_preset=&#8221;default&#8221; custom_padding=&#8221;0px||0px|||&#8221; global_colors_info=&#8221;{}&#8221;][et_pb_row _builder_version=&#8221;4.27.4&#8243; _module_preset=&#8221;default&#8221; custom_padding=&#8221;||3px|||&#8221; global_colors_info=&#8221;{}&#8221;][et_pb_column type=&#8221;4_4&#8243; _builder_version=&#8221;4.27.4&#8243; _module_preset=&#8221;default&#8221; global_colors_info=&#8221;{}&#8221;][et_pb_divider _builder_version=&#8221;4.27.6&#8243; _module_preset=&#8221;default&#8221; global_colors_info=&#8221;{}&#8221;][\/et_pb_divider][et_pb_heading title=&#8221;Talere&#8221; _builder_version=&#8221;4.27.6&#8243; _module_preset=&#8221;default&#8221; custom_margin=&#8221;||20px|||&#8221; global_colors_info=&#8221;{}&#8221;][\/et_pb_heading][\/et_pb_column][\/et_pb_row][et_pb_row column_structure=&#8221;1_3,1_3,1_3&#8243; _builder_version=&#8221;4.27.4&#8243; _module_preset=&#8221;default&#8221; custom_padding=&#8221;||3px|||&#8221; global_colors_info=&#8221;{}&#8221;][et_pb_column type=&#8221;1_3&#8243; _builder_version=&#8221;4.27.4&#8243; _module_preset=&#8221;default&#8221; global_colors_info=&#8221;{}&#8221;][et_pb_team_member name=&#8221;Torbj\u00f6rn Appehl&#8221; position=&#8221;CEO Load System AB&#8221; image_url=&#8221;https:\/\/www.load.se\/wp-content\/uploads\/2025\/11\/1588703473447.jpg&#8221; linkedin_url=&#8221;https:\/\/www.linkedin.com\/in\/tappehl\/&#8221; _builder_version=&#8221;4.27.6&#8243; _module_preset=&#8221;default&#8221; global_colors_info=&#8221;{}&#8221;]<\/p>\n<p><strong>Torbj\u00f6rn Appehl<\/strong> er administrerende direkt\u00f8r for LOAD System AB og en af Skandinaviens mest anerkendte stemmer i IBM Power-\u00f8kosystemet. Som mange\u00e5rig IBM Champion og Vice President for COMMON Europe bringer Torbj\u00f6rn over 25 \u00e5rs praktisk erfaring med IBM Power- og IBM i-platforme \u2014 fra r\u00f8dder som hardwarespecialist hos IBM til strategiske ledelsesroller i hele Norden. Som grundl\u00e6gger af Built on Power og IBMiCompetence.com har han gjort det til sin mission at opbygge viden og f\u00e6llesskab omkring IBM&#8217;s platform. Hos LOAD leder han et team, der er dedikeret til at hj\u00e6lpe organisationer med at maksimere v\u00e6rdien af deres investeringer i IBM-infrastruktur, med s\u00e6rligt fokus p\u00e5 IBM Power, IBM i og de muligheder, disse platforme \u00e5bner i en AI-drevet verden.   <\/p>\n<p>[\/et_pb_team_member][\/et_pb_column][et_pb_column type=&#8221;1_3&#8243; _builder_version=&#8221;4.27.4&#8243; _module_preset=&#8221;default&#8221; global_colors_info=&#8221;{}&#8221;][et_pb_team_member name=&#8221;Stefan Blom&#8221; position=&#8221;CEO Bloom IT&#8221; image_url=&#8221;https:\/\/www.load.se\/wp-content\/uploads\/2026\/04\/StefanBlom.png&#8221; linkedin_url=&#8221;https:\/\/www.linkedin.com\/in\/stefan-blom-3869a34a\/&#8221; _builder_version=&#8221;4.27.6&#8243; _module_preset=&#8221;default&#8221; global_colors_info=&#8221;{}&#8221;]<\/p>\n<p><strong>Stefan Blom<\/strong> er grundl\u00e6gger af Bloom IT Development, hvor han hj\u00e6lper mellemstore og store organisationer med at f\u00e5 succes med IT-transformation gennem sit eget Bloom Framework\u2122 \u2014 en metodologi, der kombinerer adf\u00e6rdsvidenskab med IT-strategi for at drive reel implementering og m\u00e5lbart ROI. Med en baggrund, der sp\u00e6nder over Red Hat-specialistsalg hos Atea, forretningsudvikling hos Piros og over to \u00e5rtier i salgs- og ledelsesroller, bringer Stefan et unikt menneskecentreret perspektiv til teknologiske forandringer. Han arbejder sammen med partnere som IBM, Red Hat og LOAD for at hj\u00e6lpe organisationer med at h\u00e5ndtere platformsovergange, compliance-udfordringer og cloud-kompleksitet \u2014 og sikrer, at IT-investeringer lander som forretningsv\u00e6rdi, ikke blot ny hardware.  <\/p>\n<p>[\/et_pb_team_member][\/et_pb_column][et_pb_column type=&#8221;1_3&#8243; _builder_version=&#8221;4.27.4&#8243; _module_preset=&#8221;default&#8221; global_colors_info=&#8221;{}&#8221;][et_pb_team_member name=&#8221;Jakob Brandel&#8221; position=&#8221;Director and Head of Sales Engineering EMEA hos EDB&#8221; image_url=&#8221;https:\/\/www.load.se\/wp-content\/uploads\/2026\/04\/JakobBrandel.jpg&#8221; linkedin_url=&#8221;https:\/\/www.linkedin.com\/in\/jakob-brandel-8318a62\/&#8221; _builder_version=&#8221;4.27.6&#8243; _module_preset=&#8221;default&#8221; global_colors_info=&#8221;{}&#8221;]<\/p>\n<p data-start=\"265\" data-end=\"658\"><strong>Jakob Brandel<\/strong> er Director og Head of Sales Engineering EMEA hos EDB, hvor han leder det tekniske salg i Europa, Mellem\u00f8sten og Afrika for enterprise-adoption af Postgres AI. Med over 25 \u00e5r inden for data management og analytics har han haft ledende roller inden for Sales Engineering hos Snowflake, Hitachi Vantara og Informatica, og han har eksamener fra Stockholm School of Economics og KTH. Jakob br\u00e6nder for at hj\u00e6lpe organisationer med at oms\u00e6tte investeringer i dataplatforme til reelle forretningsresultater \u2014 og bringe det perspektiv ind i verdenen af AI-infrastruktur.  <\/p>\n<p>[\/et_pb_team_member][\/et_pb_column][\/et_pb_row][et_pb_row column_structure=&#8221;1_3,1_3,1_3&#8243; _builder_version=&#8221;4.27.4&#8243; _module_preset=&#8221;default&#8221; custom_padding=&#8221;||3px|||&#8221; global_colors_info=&#8221;{}&#8221;][et_pb_column type=&#8221;1_3&#8243; _builder_version=&#8221;4.27.4&#8243; _module_preset=&#8221;default&#8221; global_colors_info=&#8221;{}&#8221;][et_pb_team_member name=&#8221;Arshad Mehrab Memon  &#8221; position=&#8221;Senior Solution Architect SUSE&#8221; image_url=&#8221;https:\/\/www.load.se\/wp-content\/uploads\/2026\/04\/ArshadM.png&#8221; linkedin_url=&#8221;https:\/\/www.linkedin.com\/in\/arshadm\/&#8221; _builder_version=&#8221;4.27.6&#8243; _module_preset=&#8221;default&#8221; global_colors_info=&#8221;{}&#8221;]<\/p>\n<p><strong>Arshad Mehrab Memon<\/strong> er Senior Solutions Architect hos SUSE, hvor han hj\u00e6lper organisationer i hele Norden med at tilpasse deres IT-strategier til moderne open source-l\u00f8sninger, der sp\u00e6nder over Enterprise Linux, containerstyring, edge computing, AI og virtualisering. Med en karriere bygget i krydsfeltet mellem dyb teknisk ekspertise og kunderettede roller har Arshad haft stillinger hos F5, PacketFront Software og Tilgin, hvilket har givet ham bred erfaring inden for netv\u00e6rk, applikationslevering og platformsarkitektur. Han har en kandidatgrad i Internetworking fra KTH Royal Institute of Technology.  <\/p>\n<p>[\/et_pb_team_member][\/et_pb_column][et_pb_column type=&#8221;1_3&#8243; _builder_version=&#8221;4.27.4&#8243; _module_preset=&#8221;default&#8221; global_colors_info=&#8221;{}&#8221;][et_pb_team_member name=&#8221;Mathias Pedersen&#8221; position=&#8221;Sales Manager IBM Technology&#8221; image_url=&#8221;https:\/\/www.load.se\/wp-content\/uploads\/2026\/04\/mped.png&#8221; linkedin_url=&#8221;https:\/\/www.linkedin.com\/in\/mathped\/&#8221; _builder_version=&#8221;4.27.6&#8243; _module_preset=&#8221;default&#8221; global_colors_info=&#8221;{}&#8221;]<\/p>\n<p><strong>Mathias Pedersen<\/strong> er Sales Manager for IBM Technology hos IBM North Region, hvor han leder infrastruktursalg p\u00e5 det nordiske marked. Med over 20 \u00e5r hos IBM har Mathias haft roller, der sp\u00e6nder over storage-hardware, software client leadership, enterprise-salg og country management \u2014 hvilket giver ham et unikt bredt perspektiv p\u00e5, hvordan IBM-teknologi skaber forretningsv\u00e6rdi. Han har stor erfaring med at hj\u00e6lpe svenske og nordiske organisationer med at navigere i komplekse infrastrukturvalg, senest som Country Manager for IBM Systems. Mathias bringer b\u00e5de strategisk vision og praktisk salgsekspertise til enhver samtale om IBM Power og de muligheder, det \u00e5bner.   <\/p>\n<p>[\/et_pb_team_member][\/et_pb_column][et_pb_column type=&#8221;1_3&#8243; _builder_version=&#8221;4.27.4&#8243; _module_preset=&#8221;default&#8221; global_colors_info=&#8221;{}&#8221;][\/et_pb_column][\/et_pb_row][\/et_pb_section]<\/p>\n","protected":false},"excerpt":{"rendered":"<p>Pr\u00e6senteret af Load, IBM, SUSE og EnterpriseDB<\/p>\n","protected":false},"author":1,"featured_media":0,"comment_status":"closed","ping_status":"closed","template":"","meta":{"_et_pb_use_builder":"on","_et_pb_old_content":"","_et_gb_content_width":"","footnotes":""},"project_category":[248],"project_tag":[],"class_list":["post-4018","project","type-project","status-publish","hentry","project_category-events"],"yoast_head":"<!-- This site is optimized with the Yoast SEO Premium plugin v27.5 (Yoast SEO v27.5) - https:\/\/yoast.com\/product\/yoast-seo-premium-wordpress\/ -->\n<title>Stockholm \u2013 IBM Power Event - Load System AB<\/title>\n<meta name=\"robots\" content=\"index, follow, max-snippet:-1, max-image-preview:large, max-video-preview:-1\" \/>\n<link rel=\"canonical\" href=\"https:\/\/www.load.se\/da\/project\/stockholm-ibm-power-event\/\" \/>\n<meta property=\"og:locale\" content=\"da_DK\" \/>\n<meta property=\"og:type\" content=\"article\" \/>\n<meta property=\"og:title\" content=\"Stockholm \u2013 IBM Power Event\" \/>\n<meta property=\"og:description\" content=\"Pr\u00e6senteret af Load, IBM, SUSE og EnterpriseDB\" \/>\n<meta property=\"og:url\" content=\"https:\/\/www.load.se\/da\/project\/stockholm-ibm-power-event\/\" \/>\n<meta property=\"og:site_name\" content=\"Load System AB\" \/>\n<meta property=\"article:modified_time\" content=\"2026-04-29T13:38:07+00:00\" \/>\n<meta name=\"twitter:card\" content=\"summary_large_image\" \/>\n<meta name=\"twitter:label1\" content=\"Estimeret l\u00e6setid\" \/>\n\t<meta name=\"twitter:data1\" content=\"13 minutter\" \/>\n<script type=\"application\/ld+json\" class=\"yoast-schema-graph\">{\"@context\":\"https:\\\/\\\/schema.org\",\"@graph\":[{\"@type\":\"WebPage\",\"@id\":\"https:\\\/\\\/www.load.se\\\/da\\\/project\\\/stockholm-ibm-power-event\\\/\",\"url\":\"https:\\\/\\\/www.load.se\\\/da\\\/project\\\/stockholm-ibm-power-event\\\/\",\"name\":\"Stockholm \u2013 IBM Power Event - Load System AB\",\"isPartOf\":{\"@id\":\"https:\\\/\\\/www.load.se\\\/da\\\/#website\"},\"datePublished\":\"2026-04-28T11:03:26+00:00\",\"dateModified\":\"2026-04-29T13:38:07+00:00\",\"breadcrumb\":{\"@id\":\"https:\\\/\\\/www.load.se\\\/da\\\/project\\\/stockholm-ibm-power-event\\\/#breadcrumb\"},\"inLanguage\":\"da-DK\",\"potentialAction\":[{\"@type\":\"ReadAction\",\"target\":[\"https:\\\/\\\/www.load.se\\\/da\\\/project\\\/stockholm-ibm-power-event\\\/\"]}]},{\"@type\":\"BreadcrumbList\",\"@id\":\"https:\\\/\\\/www.load.se\\\/da\\\/project\\\/stockholm-ibm-power-event\\\/#breadcrumb\",\"itemListElement\":[{\"@type\":\"ListItem\",\"position\":1,\"name\":\"Home\",\"item\":\"https:\\\/\\\/www.load.se\\\/da\\\/\"},{\"@type\":\"ListItem\",\"position\":2,\"name\":\"Projekter\",\"item\":\"https:\\\/\\\/www.load.se\\\/da\\\/project\\\/\"},{\"@type\":\"ListItem\",\"position\":3,\"name\":\"Stockholm \u2013 IBM Power Event\"}]},{\"@type\":\"WebSite\",\"@id\":\"https:\\\/\\\/www.load.se\\\/da\\\/#website\",\"url\":\"https:\\\/\\\/www.load.se\\\/da\\\/\",\"name\":\"Load System AB\",\"description\":\"\",\"publisher\":{\"@id\":\"https:\\\/\\\/www.load.se\\\/da\\\/#organization\"},\"potentialAction\":[{\"@type\":\"SearchAction\",\"target\":{\"@type\":\"EntryPoint\",\"urlTemplate\":\"https:\\\/\\\/www.load.se\\\/da\\\/?s={search_term_string}\"},\"query-input\":{\"@type\":\"PropertyValueSpecification\",\"valueRequired\":true,\"valueName\":\"search_term_string\"}}],\"inLanguage\":\"da-DK\"},{\"@type\":\"Organization\",\"@id\":\"https:\\\/\\\/www.load.se\\\/da\\\/#organization\",\"name\":\"Load System AB\",\"url\":\"https:\\\/\\\/www.load.se\\\/da\\\/\",\"logo\":{\"@type\":\"ImageObject\",\"inLanguage\":\"da-DK\",\"@id\":\"https:\\\/\\\/www.load.se\\\/da\\\/#\\\/schema\\\/logo\\\/image\\\/\",\"url\":\"http:\\\/\\\/www.load.se\\\/wp-content\\\/uploads\\\/2025\\\/10\\\/Load-website-6.png\",\"contentUrl\":\"http:\\\/\\\/www.load.se\\\/wp-content\\\/uploads\\\/2025\\\/10\\\/Load-website-6.png\",\"width\":2160,\"height\":800,\"caption\":\"Load System AB\"},\"image\":{\"@id\":\"https:\\\/\\\/www.load.se\\\/da\\\/#\\\/schema\\\/logo\\\/image\\\/\"},\"sameAs\":[\"https:\\\/\\\/www.linkedin.com\\\/company\\\/load-ab\"]}]}<\/script>\n<!-- \/ Yoast SEO Premium plugin. -->","yoast_head_json":{"title":"Stockholm \u2013 IBM Power Event - Load System AB","robots":{"index":"index","follow":"follow","max-snippet":"max-snippet:-1","max-image-preview":"max-image-preview:large","max-video-preview":"max-video-preview:-1"},"canonical":"https:\/\/www.load.se\/da\/project\/stockholm-ibm-power-event\/","og_locale":"da_DK","og_type":"article","og_title":"Stockholm \u2013 IBM Power Event","og_description":"Pr\u00e6senteret af Load, IBM, SUSE og EnterpriseDB","og_url":"https:\/\/www.load.se\/da\/project\/stockholm-ibm-power-event\/","og_site_name":"Load System AB","article_modified_time":"2026-04-29T13:38:07+00:00","twitter_card":"summary_large_image","twitter_misc":{"Estimeret l\u00e6setid":"13 minutter"},"schema":{"@context":"https:\/\/schema.org","@graph":[{"@type":"WebPage","@id":"https:\/\/www.load.se\/da\/project\/stockholm-ibm-power-event\/","url":"https:\/\/www.load.se\/da\/project\/stockholm-ibm-power-event\/","name":"Stockholm \u2013 IBM Power Event - Load System AB","isPartOf":{"@id":"https:\/\/www.load.se\/da\/#website"},"datePublished":"2026-04-28T11:03:26+00:00","dateModified":"2026-04-29T13:38:07+00:00","breadcrumb":{"@id":"https:\/\/www.load.se\/da\/project\/stockholm-ibm-power-event\/#breadcrumb"},"inLanguage":"da-DK","potentialAction":[{"@type":"ReadAction","target":["https:\/\/www.load.se\/da\/project\/stockholm-ibm-power-event\/"]}]},{"@type":"BreadcrumbList","@id":"https:\/\/www.load.se\/da\/project\/stockholm-ibm-power-event\/#breadcrumb","itemListElement":[{"@type":"ListItem","position":1,"name":"Home","item":"https:\/\/www.load.se\/da\/"},{"@type":"ListItem","position":2,"name":"Projekter","item":"https:\/\/www.load.se\/da\/project\/"},{"@type":"ListItem","position":3,"name":"Stockholm \u2013 IBM Power Event"}]},{"@type":"WebSite","@id":"https:\/\/www.load.se\/da\/#website","url":"https:\/\/www.load.se\/da\/","name":"Load System AB","description":"","publisher":{"@id":"https:\/\/www.load.se\/da\/#organization"},"potentialAction":[{"@type":"SearchAction","target":{"@type":"EntryPoint","urlTemplate":"https:\/\/www.load.se\/da\/?s={search_term_string}"},"query-input":{"@type":"PropertyValueSpecification","valueRequired":true,"valueName":"search_term_string"}}],"inLanguage":"da-DK"},{"@type":"Organization","@id":"https:\/\/www.load.se\/da\/#organization","name":"Load System AB","url":"https:\/\/www.load.se\/da\/","logo":{"@type":"ImageObject","inLanguage":"da-DK","@id":"https:\/\/www.load.se\/da\/#\/schema\/logo\/image\/","url":"http:\/\/www.load.se\/wp-content\/uploads\/2025\/10\/Load-website-6.png","contentUrl":"http:\/\/www.load.se\/wp-content\/uploads\/2025\/10\/Load-website-6.png","width":2160,"height":800,"caption":"Load System AB"},"image":{"@id":"https:\/\/www.load.se\/da\/#\/schema\/logo\/image\/"},"sameAs":["https:\/\/www.linkedin.com\/company\/load-ab"]}]}},"_links":{"self":[{"href":"https:\/\/www.load.se\/da\/wp-json\/wp\/v2\/project\/4018","targetHints":{"allow":["GET"]}}],"collection":[{"href":"https:\/\/www.load.se\/da\/wp-json\/wp\/v2\/project"}],"about":[{"href":"https:\/\/www.load.se\/da\/wp-json\/wp\/v2\/types\/project"}],"author":[{"embeddable":true,"href":"https:\/\/www.load.se\/da\/wp-json\/wp\/v2\/users\/1"}],"replies":[{"embeddable":true,"href":"https:\/\/www.load.se\/da\/wp-json\/wp\/v2\/comments?post=4018"}],"version-history":[{"count":10,"href":"https:\/\/www.load.se\/da\/wp-json\/wp\/v2\/project\/4018\/revisions"}],"predecessor-version":[{"id":4091,"href":"https:\/\/www.load.se\/da\/wp-json\/wp\/v2\/project\/4018\/revisions\/4091"}],"wp:attachment":[{"href":"https:\/\/www.load.se\/da\/wp-json\/wp\/v2\/media?parent=4018"}],"wp:term":[{"taxonomy":"project_category","embeddable":true,"href":"https:\/\/www.load.se\/da\/wp-json\/wp\/v2\/project_category?post=4018"},{"taxonomy":"project_tag","embeddable":true,"href":"https:\/\/www.load.se\/da\/wp-json\/wp\/v2\/project_tag?post=4018"}],"curies":[{"name":"wp","href":"https:\/\/api.w.org\/{rel}","templated":true}]}}