{"id":4031,"date":"2026-04-28T13:03:26","date_gmt":"2026-04-28T11:03:26","guid":{"rendered":"https:\/\/www.load.se\/project\/tukholma-ibm-power-tapahtuma\/"},"modified":"2026-04-29T15:38:10","modified_gmt":"2026-04-29T13:38:10","slug":"tukholma-ibm-power-tapahtuma","status":"publish","type":"project","link":"https:\/\/www.load.se\/fi\/project\/tukholma-ibm-power-tapahtuma\/","title":{"rendered":"Tukholma \u2013 IBM Power -tapahtuma"},"content":{"rendered":"<p>[et_pb_section fb_built=&#8221;1&#8243; _builder_version=&#8221;4.27.4&#8243; _module_preset=&#8221;default&#8221; custom_padding=&#8221;100px||100px||true|false&#8221; global_colors_info=&#8221;{}&#8221;][et_pb_row column_structure=&#8221;1_2,1_2&#8243; _builder_version=&#8221;4.27.6&#8243; _module_preset=&#8221;default&#8221; custom_padding=&#8221;0px||0px|||&#8221; global_colors_info=&#8221;{}&#8221;][et_pb_column type=&#8221;1_2&#8243; _builder_version=&#8221;4.27.4&#8243; _module_preset=&#8221;default&#8221; background_enable_color=&#8221;off&#8221; global_colors_info=&#8221;{}&#8221;][et_pb_heading title=&#8221;Tukholma \u2013 IBM Power -tapahtuma&#8221; _builder_version=&#8221;4.27.6&#8243; _module_preset=&#8221;default&#8221; custom_margin=&#8221;||20px|||&#8221; global_colors_info=&#8221;{}&#8221;][\/et_pb_heading][et_pb_text _builder_version=&#8221;4.27.6&#8243; _module_preset=&#8221;default&#8221; custom_padding=&#8221;0px||||false|false&#8221; hover_enabled=&#8221;0&#8243; global_colors_info=&#8221;{}&#8221; sticky_enabled=&#8221;0&#8243;]<\/p>\n<p><span>Esitt\u00e4jin\u00e4 Load, IBM, SUSE, NordicMind ja EnterpriseDB<\/span><\/p>\n<p>\ud83d\udccd<span> Paikka: Tukholma, Vasagatan 16 (IBM:n toimisto)<\/span><\/p>\n<p>\ud83d\udcc5<span> P\u00e4iv\u00e4m\u00e4\u00e4r\u00e4: 27.5.2026<\/span><\/p>\n<p>\ud83d\udd58<span> Aika: 09:00 \u2013 14:00<\/span><\/p>\n<p>[\/et_pb_text][et_pb_image src=&#8221;https:\/\/www.load.se\/wp-content\/uploads\/2025\/12\/power11_feat-1024&#215;576.png&#8221; title_text=&#8221;power11_feat&#8221; _builder_version=&#8221;4.27.6&#8243; _module_preset=&#8221;default&#8221; global_colors_info=&#8221;{}&#8221;][\/et_pb_image][\/et_pb_column][et_pb_column type=&#8221;1_2&#8243; _builder_version=&#8221;4.27.4&#8243; _module_preset=&#8221;default&#8221; background_enable_color=&#8221;off&#8221; global_colors_info=&#8221;{}&#8221;][et_pb_heading title=&#8221;Ilmoittaudu t\u00e4\u00e4ll\u00e4&#8221; _builder_version=&#8221;4.27.6&#8243; _module_preset=&#8221;default&#8221; global_colors_info=&#8221;{}&#8221;][\/et_pb_heading][et_pb_contact_form email=&#8221;info@load.se&#8221; _builder_version=&#8221;4.27.6&#8243; _module_preset=&#8221;default&#8221; _unique_id=&#8221;424dd22b-1a2e-41fa-be91-b7722982479b&#8221; global_colors_info=&#8221;{}&#8221;][et_pb_contact_field field_id=&#8221;Name&#8221; field_title=&#8221;Nimi&#8221; _builder_version=&#8221;4.16&#8243; global_colors_info=&#8221;{}&#8221; button_text_size__hover_enabled=&#8221;off&#8221; button_one_text_size__hover_enabled=&#8221;off&#8221; button_two_text_size__hover_enabled=&#8221;off&#8221; button_text_color__hover_enabled=&#8221;off&#8221; button_one_text_color__hover_enabled=&#8221;off&#8221; button_two_text_color__hover_enabled=&#8221;off&#8221; button_border_width__hover_enabled=&#8221;off&#8221; button_one_border_width__hover_enabled=&#8221;off&#8221; button_two_border_width__hover_enabled=&#8221;off&#8221; button_border_color__hover_enabled=&#8221;off&#8221; button_one_border_color__hover_enabled=&#8221;off&#8221; button_two_border_color__hover_enabled=&#8221;off&#8221; button_border_radius__hover_enabled=&#8221;off&#8221; button_one_border_radius__hover_enabled=&#8221;off&#8221; button_two_border_radius__hover_enabled=&#8221;off&#8221; button_letter_spacing__hover_enabled=&#8221;off&#8221; button_one_letter_spacing__hover_enabled=&#8221;off&#8221; button_two_letter_spacing__hover_enabled=&#8221;off&#8221; button_bg_color__hover_enabled=&#8221;off&#8221; button_one_bg_color__hover_enabled=&#8221;off&#8221; button_two_bg_color__hover_enabled=&#8221;off&#8221;][\/et_pb_contact_field][et_pb_contact_field field_id=&#8221;LastName&#8221; field_title=&#8221;Sukunimi&#8221; _builder_version=&#8221;4.27.6&#8243; global_colors_info=&#8221;{}&#8221; button_text_size__hover_enabled=&#8221;off&#8221; button_one_text_size__hover_enabled=&#8221;off&#8221; button_two_text_size__hover_enabled=&#8221;off&#8221; button_text_color__hover_enabled=&#8221;off&#8221; button_one_text_color__hover_enabled=&#8221;off&#8221; button_two_text_color__hover_enabled=&#8221;off&#8221; button_border_width__hover_enabled=&#8221;off&#8221; button_one_border_width__hover_enabled=&#8221;off&#8221; button_two_border_width__hover_enabled=&#8221;off&#8221; button_border_color__hover_enabled=&#8221;off&#8221; button_one_border_color__hover_enabled=&#8221;off&#8221; button_two_border_color__hover_enabled=&#8221;off&#8221; button_border_radius__hover_enabled=&#8221;off&#8221; button_one_border_radius__hover_enabled=&#8221;off&#8221; button_two_border_radius__hover_enabled=&#8221;off&#8221; button_letter_spacing__hover_enabled=&#8221;off&#8221; button_one_letter_spacing__hover_enabled=&#8221;off&#8221; button_two_letter_spacing__hover_enabled=&#8221;off&#8221; button_bg_color__hover_enabled=&#8221;off&#8221; button_one_bg_color__hover_enabled=&#8221;off&#8221; button_two_bg_color__hover_enabled=&#8221;off&#8221;][\/et_pb_contact_field][et_pb_contact_field field_id=&#8221;Email&#8221; field_title=&#8221;S\u00e4hk\u00f6postiosoite&#8221; field_type=&#8221;email&#8221; _builder_version=&#8221;4.16&#8243; global_colors_info=&#8221;{}&#8221; button_text_size__hover_enabled=&#8221;off&#8221; button_one_text_size__hover_enabled=&#8221;off&#8221; button_two_text_size__hover_enabled=&#8221;off&#8221; button_text_color__hover_enabled=&#8221;off&#8221; button_one_text_color__hover_enabled=&#8221;off&#8221; button_two_text_color__hover_enabled=&#8221;off&#8221; button_border_width__hover_enabled=&#8221;off&#8221; button_one_border_width__hover_enabled=&#8221;off&#8221; button_two_border_width__hover_enabled=&#8221;off&#8221; button_border_color__hover_enabled=&#8221;off&#8221; button_one_border_color__hover_enabled=&#8221;off&#8221; button_two_border_color__hover_enabled=&#8221;off&#8221; button_border_radius__hover_enabled=&#8221;off&#8221; button_one_border_radius__hover_enabled=&#8221;off&#8221; button_two_border_radius__hover_enabled=&#8221;off&#8221; button_letter_spacing__hover_enabled=&#8221;off&#8221; button_one_letter_spacing__hover_enabled=&#8221;off&#8221; button_two_letter_spacing__hover_enabled=&#8221;off&#8221; button_bg_color__hover_enabled=&#8221;off&#8221; button_one_bg_color__hover_enabled=&#8221;off&#8221; button_two_bg_color__hover_enabled=&#8221;off&#8221;][\/et_pb_contact_field][et_pb_contact_field field_id=&#8221;company&#8221; field_title=&#8221;Toiminta&#8221; fullwidth_field=&#8221;on&#8221; _builder_version=&#8221;4.27.6&#8243; _module_preset=&#8221;default&#8221; global_colors_info=&#8221;{}&#8221;][\/et_pb_contact_field][et_pb_contact_field field_id=&#8221;Message&#8221; field_title=&#8221;Viesti&#8221; field_type=&#8221;text&#8221; required_mark=&#8221;off&#8221; fullwidth_field=&#8221;on&#8221; _builder_version=&#8221;4.27.6&#8243; global_colors_info=&#8221;{}&#8221; button_text_size__hover_enabled=&#8221;off&#8221; button_one_text_size__hover_enabled=&#8221;off&#8221; button_two_text_size__hover_enabled=&#8221;off&#8221; button_text_color__hover_enabled=&#8221;off&#8221; button_one_text_color__hover_enabled=&#8221;off&#8221; button_two_text_color__hover_enabled=&#8221;off&#8221; button_border_width__hover_enabled=&#8221;off&#8221; button_one_border_width__hover_enabled=&#8221;off&#8221; button_two_border_width__hover_enabled=&#8221;off&#8221; button_border_color__hover_enabled=&#8221;off&#8221; button_one_border_color__hover_enabled=&#8221;off&#8221; button_two_border_color__hover_enabled=&#8221;off&#8221; button_border_radius__hover_enabled=&#8221;off&#8221; button_one_border_radius__hover_enabled=&#8221;off&#8221; button_two_border_radius__hover_enabled=&#8221;off&#8221; button_letter_spacing__hover_enabled=&#8221;off&#8221; button_one_letter_spacing__hover_enabled=&#8221;off&#8221; button_two_letter_spacing__hover_enabled=&#8221;off&#8221; button_bg_color__hover_enabled=&#8221;off&#8221; button_one_bg_color__hover_enabled=&#8221;off&#8221; button_two_bg_color__hover_enabled=&#8221;off&#8221;][\/et_pb_contact_field][\/et_pb_contact_form][\/et_pb_column][\/et_pb_row][\/et_pb_section][et_pb_section fb_built=&#8221;1&#8243; _builder_version=&#8221;4.27.4&#8243; _module_preset=&#8221;default&#8221; custom_margin=&#8221;||2px|||&#8221; global_colors_info=&#8221;{}&#8221;][et_pb_row column_structure=&#8221;1_3,1_3,1_3&#8243; _builder_version=&#8221;4.27.4&#8243; _module_preset=&#8221;default&#8221; background_color=&#8221;gcid-c99e8569-e73a-4475-92a4-a1a7fec8f2cc&#8221; custom_padding=&#8221;32px|32px|32px|32px|false|false&#8221; global_colors_info=&#8221;{%22gcid-c99e8569-e73a-4475-92a4-a1a7fec8f2cc%22:%91%22background_color%22%93}&#8221;][et_pb_column type=&#8221;1_3&#8243; _builder_version=&#8221;4.27.4&#8243; _module_preset=&#8221;default&#8221; global_colors_info=&#8221;{}&#8221;][et_pb_icon font_icon=&#8221;&#xf0a1;||fa||900&#8243; icon_color=&#8221;gcid-secondary-color&#8221; icon_width=&#8221;48px&#8221; align=&#8221;left&#8221; _builder_version=&#8221;4.27.6&#8243; _module_preset=&#8221;default&#8221; global_colors_info=&#8221;{%22gcid-secondary-color%22:%91%22icon_color%22%93}&#8221;][\/et_pb_icon][et_pb_text _builder_version=&#8221;4.27.6&#8243; _module_preset=&#8221;default&#8221; text_font=&#8221;IBM Plex Sans||||||||&#8221; text_text_color=&#8221;#FFFFFF&#8221; text_font_size=&#8221;24px&#8221; global_colors_info=&#8221;{%22gcid-secondary-color%22:%91%22header_text_color%22,%22header_text_color%22%93}&#8221;]<\/p>\n<p>Opi johtavilta asiantuntijoilta<\/p>\n<p>[\/et_pb_text][et_pb_text _builder_version=&#8221;4.27.6&#8243; _module_preset=&#8221;default&#8221; text_text_color=&#8221;#FFFFFF&#8221; text_font_size=&#8221;16px&#8221; global_colors_info=&#8221;{%22gcid-secondary-color%22:%91%22header_text_color%22,%22header_text_color%22%93}&#8221;]<\/p>\n<p>Saat ensik\u00e4den n\u00e4kemyksi\u00e4 IBM:lt\u00e4, SUSElta ja EnterpriseDB:lt\u00e4 siit\u00e4, miten modernit enterprise-ymp\u00e4rist\u00f6t rakennetaan. Tutustu siihen, miksi IBM Power, avoin l\u00e4hdekoodi ja oikeat arkkitehtuurivalinnat ovat ratkaisevia tulevaisuuden IT-k\u00e4yt\u00f6lle. Kuule todellisia asiakascaseja ja kent\u00e4lt\u00e4 saatuja teknisi\u00e4 kokemuksia.  <\/p>\n<p>[\/et_pb_text][\/et_pb_column][et_pb_column type=&#8221;1_3&#8243; _builder_version=&#8221;4.27.4&#8243; _module_preset=&#8221;default&#8221; global_colors_info=&#8221;{}&#8221;][et_pb_icon font_icon=&#8221;&#xe0fd;||divi||400&#8243; icon_color=&#8221;gcid-secondary-color&#8221; icon_width=&#8221;48px&#8221; align=&#8221;left&#8221; _builder_version=&#8221;4.27.6&#8243; _module_preset=&#8221;default&#8221; global_colors_info=&#8221;{%22gcid-secondary-color%22:%91%22icon_color%22%93}&#8221;][\/et_pb_icon][et_pb_text _builder_version=&#8221;4.27.6&#8243; _module_preset=&#8221;default&#8221; text_font=&#8221;IBM Plex Sans||||||||&#8221; text_text_color=&#8221;#FFFFFF&#8221; text_font_size=&#8221;24px&#8221; global_colors_info=&#8221;{%22gcid-secondary-color%22:%91%22header_text_color%22,%22header_text_color%22%93}&#8221;]<\/p>\n<p>Rakenna moderni IT-infrastruktuuri<\/p>\n<p>[\/et_pb_text][et_pb_text _builder_version=&#8221;4.27.6&#8243; _module_preset=&#8221;default&#8221; text_text_color=&#8221;#FFFFFF&#8221; text_font_size=&#8221;16px&#8221; global_colors_info=&#8221;{%22gcid-secondary-color%22:%91%22header_text_color%22,%22header_text_color%22%93}&#8221;]<\/p>\n<p>Syvenny SUSE Linux Enterpriseen ja EnterpriseDB:hen k\u00e4yt\u00e4nn\u00f6nl\u00e4heisiss\u00e4, todellisuutta vastaavissa skenaarioissa. Opi, miten rakennat turvallisen, skaalautuvan ja kustannustehokkaan k\u00e4yt\u00f6n avoimen l\u00e4hdekoodin avulla enterprise-ymp\u00e4rist\u00f6ss\u00e4. Konkreettisia ratkaisuja, joita voit soveltaa suoraan omaan IT-strategiaasi.  <\/p>\n<p>[\/et_pb_text][\/et_pb_column][et_pb_column type=&#8221;1_3&#8243; _builder_version=&#8221;4.27.4&#8243; _module_preset=&#8221;default&#8221; global_colors_info=&#8221;{}&#8221;][et_pb_icon font_icon=&#8221;&#xf0c0;||fa||900&#8243; icon_color=&#8221;gcid-secondary-color&#8221; icon_width=&#8221;48px&#8221; align=&#8221;left&#8221; _builder_version=&#8221;4.27.6&#8243; _module_preset=&#8221;default&#8221; global_colors_info=&#8221;{%22gcid-secondary-color%22:%91%22icon_color%22%93}&#8221;][\/et_pb_icon][et_pb_text _builder_version=&#8221;4.27.6&#8243; _module_preset=&#8221;default&#8221; text_font=&#8221;IBM Plex Sans||||||||&#8221; text_text_color=&#8221;#FFFFFF&#8221; text_font_size=&#8221;24px&#8221; global_colors_info=&#8221;{%22gcid-secondary-color%22:%91%22header_text_color%22,%22header_text_color%22%93}&#8221;]<\/p>\n<p>Verkostoituminen &amp; strategiset n\u00e4k\u00f6kulmat<\/p>\n<p>[\/et_pb_text][et_pb_text _builder_version=&#8221;4.27.6&#8243; _module_preset=&#8221;default&#8221; text_text_color=&#8221;#FFFFFF&#8221; text_font_size=&#8221;16px&#8221; global_colors_info=&#8221;{%22gcid-secondary-color%22:%91%22header_text_color%22,%22header_text_color%22%93}&#8221;]<\/p>\n<p>Osallistu paneelikeskusteluihin ja whiteboard-sessioihin asiantuntijoiden ja p\u00e4\u00e4tt\u00e4jien kanssa. Keskustele TCO:sta, suorituskyvyst\u00e4, lisenssivapaudesta ja tulevista valinnoista enterprise open source -ymp\u00e4rist\u00f6iss\u00e4. Luo arvokkaita kontakteja ja saa vastauksia omiin haasteisiisi.  <\/p>\n<p>[\/et_pb_text][\/et_pb_column][\/et_pb_row][\/et_pb_section][et_pb_section fb_built=&#8221;1&#8243; _builder_version=&#8221;4.27.4&#8243; _module_preset=&#8221;default&#8221; global_colors_info=&#8221;{}&#8221;][et_pb_row _builder_version=&#8221;4.27.4&#8243; _module_preset=&#8221;default&#8221; custom_padding=&#8221;0px||0px|||&#8221; global_colors_info=&#8221;{}&#8221;][et_pb_column type=&#8221;4_4&#8243; _builder_version=&#8221;4.27.4&#8243; _module_preset=&#8221;default&#8221; background_enable_color=&#8221;off&#8221; global_colors_info=&#8221;{}&#8221;][et_pb_heading title=&#8221;Aikataulu&#8221; _builder_version=&#8221;4.27.6&#8243; _module_preset=&#8221;default&#8221; global_colors_info=&#8221;{}&#8221;][\/et_pb_heading][et_pb_text _builder_version=&#8221;4.27.6&#8243; _module_preset=&#8221;default&#8221; custom_margin=&#8221;|48px|19px|||&#8221; custom_padding=&#8221;0px||||false|false&#8221; hover_enabled=&#8221;0&#8243; global_colors_info=&#8221;{}&#8221; sticky_enabled=&#8221;0&#8243;]<\/p>\n<p><em>Huomioithan, ett\u00e4 t\u00e4m\u00e4 on alustava agenda ja muutoksia voi tulla.<\/em><\/p>\n<p><span>T\u00e4m\u00e4 on alustava agenda, ja siihen voidaan tehd\u00e4 muutoksia ennen tapahtumaa.<\/span><\/p>\n<h5><span>08:30 \u2013 09:00 | Ilmoittautuminen &amp; kahvi<\/span><\/h5>\n<p><span>Tervetuloaamupala, verkostoitumista <\/span><\/p>\n<h5><span>09:00 \u2013 09:15 | Tervetuloa &amp; avauspuheenvuoro<\/span><\/h5>\n<p><span>Puhujat: <strong>Stefan Blom, Bloom IT + Mathias Pedersen, IBM<\/strong><\/span><\/p>\n<ul>\n<li><span>Johdanto ja tapahtuman tarkoitus<\/span><\/li>\n<li><span>Yleiskatsaus enterprise-infrastruktuurin modernisointimatkaan IBM Powerin avulla<\/span><\/li>\n<\/ul>\n<h5><span>09:15 \u2013 10:00 | Keynote: Miksi IBM Power on tulevaisuuden alusta turvalliseen ja skaalautuvaan enterprise-k\u00e4ytt\u00f6\u00f6n<\/span><\/h5>\n<p><span>Puhuja: <strong>Torbj\u00f6rn Appehl, Load<\/strong><\/span><\/p>\n<ul>\n<li><span>Miksi modernisoinnilla on merkityst\u00e4<\/span><\/li>\n<li><span>IBM Power tulevaisuuden kest\u00e4v\u00e4n\u00e4 alustana avoimen l\u00e4hdekoodin kanssa<\/span><\/li>\n<li><span>Asiakascaset ja tekniset kohokohdat<\/span><\/li>\n<\/ul>\n<h5><span>10:00 \u2013 10:15 | Fika &amp; kahvi<\/span><\/h5>\n<h5><span>10:15 \u2013 11:00 | SUSE Linux Enterprise: Open Source ilman kompromisseja<\/span><\/h5>\n<p><span>Puhuja:<strong> Arschad Memon \u2013 SUSE<\/strong><\/span><\/p>\n<ul>\n<li><span>SUSE Linux Enterprise IBM Powerilla<\/span><\/li>\n<li><span>Tietoturva, vakaus ja pitk\u00e4aikainen tuki<\/span><\/li>\n<li><span>Todellisia asiakasesimerkkej\u00e4<\/span><\/li>\n<\/ul>\n<h5><span>11:00 \u2013 11:45 | EnterpriseDB \u2013 avoimen l\u00e4hdekoodin tietokanta enterprise-mittakaavassa<\/span><\/h5>\n<p><span>Puhuja: <strong>Jakob Brandel, EDB<\/strong><\/span><\/p>\n<ul>\n<li><span>EDB:n tausta ja PostgreSQL-ekosysteemi<\/span><\/li>\n<li><span>EDB:n arkkitehtuuri ja enterprise-ominaisuudet<\/span><\/li>\n<li><span>High Availability ja skaalautuvuus<\/span><\/li>\n<li><span>Asiakascase<\/span><\/li>\n<\/ul>\n<h5><span>11:45 \u2013 12:30 | Paneeli: Enterprise Open Source \u2013 IBM, SUSE, EDB <\/span><\/h5>\n<p><span>Moderaattori: <strong>Stefan Blom<\/strong><\/span><\/p>\n<ul>\n<li><span>Avoin keskustelu TCO:sta, lisenssivapaudesta, suorituskyvyst\u00e4 ja alustariippumattomuudesta<\/span><\/li>\n<li><span>Kysymyksi\u00e4 yleis\u00f6lt\u00e4<\/span><span> <\/span><\/li>\n<\/ul>\n<h5><span>12:30 \u2013 14:00 | Lounas &amp; verkostoituminen<\/span><\/h5>\n<p>[\/et_pb_text][\/et_pb_column][\/et_pb_row][\/et_pb_section][et_pb_section fb_built=&#8221;1&#8243; _builder_version=&#8221;4.27.4&#8243; _module_preset=&#8221;default&#8221; custom_padding=&#8221;0px||0px|||&#8221; global_colors_info=&#8221;{}&#8221;][et_pb_row _builder_version=&#8221;4.27.4&#8243; _module_preset=&#8221;default&#8221; custom_padding=&#8221;||3px|||&#8221; global_colors_info=&#8221;{}&#8221;][et_pb_column type=&#8221;4_4&#8243; _builder_version=&#8221;4.27.4&#8243; _module_preset=&#8221;default&#8221; global_colors_info=&#8221;{}&#8221;][et_pb_divider _builder_version=&#8221;4.27.6&#8243; _module_preset=&#8221;default&#8221; global_colors_info=&#8221;{}&#8221;][\/et_pb_divider][et_pb_heading title=&#8221;Puhujat&#8221; _builder_version=&#8221;4.27.6&#8243; _module_preset=&#8221;default&#8221; custom_margin=&#8221;||20px|||&#8221; global_colors_info=&#8221;{}&#8221;][\/et_pb_heading][\/et_pb_column][\/et_pb_row][et_pb_row column_structure=&#8221;1_3,1_3,1_3&#8243; _builder_version=&#8221;4.27.4&#8243; _module_preset=&#8221;default&#8221; custom_padding=&#8221;||3px|||&#8221; global_colors_info=&#8221;{}&#8221;][et_pb_column type=&#8221;1_3&#8243; _builder_version=&#8221;4.27.4&#8243; _module_preset=&#8221;default&#8221; global_colors_info=&#8221;{}&#8221;][et_pb_team_member name=&#8221;Torbj\u00f6rn Appehl&#8221; position=&#8221;Toimitusjohtaja, Load System AB&#8221; image_url=&#8221;https:\/\/www.load.se\/wp-content\/uploads\/2025\/11\/1588703473447.jpg&#8221; linkedin_url=&#8221;https:\/\/www.linkedin.com\/in\/tappehl\/&#8221; _builder_version=&#8221;4.27.6&#8243; _module_preset=&#8221;default&#8221; global_colors_info=&#8221;{}&#8221;]<\/p>\n<p><strong>Torbj\u00f6rn Appehl<\/strong> on LOAD System AB:n toimitusjohtaja ja yksi Skandinavian tunnetuimmista \u00e4\u00e4nist\u00e4 IBM Power -ekosysteemiss\u00e4. Usean vuoden IBM Champion ja COMMON Europen varapuheenjohtaja Torbj\u00f6rn tuo mukanaan yli 25 vuoden k\u00e4yt\u00e4nn\u00f6n kokemuksen IBM Power- ja IBM i -alustoista \u2014 laitteistoasiantuntijan juurista IBM:ll\u00e4 aina strategisiin johtoteht\u00e4viin Pohjoismaissa. Built on Powerin ja IBMiCompetence.comin perustajana h\u00e4n on tehnyt teht\u00e4v\u00e4kseen rakentaa osaamista ja yhteis\u00f6\u00e4 IBM:n alustan ymp\u00e4rille. LOADilla h\u00e4n johtaa tiimi\u00e4, joka auttaa organisaatioita maksimoimaan IBM-infrastruktuuri-investointien arvon, erityisesti IBM Powerin, IBM i:n ja niiden tarjoamien mahdollisuuksien osalta teko\u00e4lyvetoisessa maailmassa.   <\/p>\n<p>[\/et_pb_team_member][\/et_pb_column][et_pb_column type=&#8221;1_3&#8243; _builder_version=&#8221;4.27.4&#8243; _module_preset=&#8221;default&#8221; global_colors_info=&#8221;{}&#8221;][et_pb_team_member name=&#8221;Stefan Blom&#8221; position=&#8221;Toimitusjohtaja, Bloom IT&#8221; image_url=&#8221;https:\/\/www.load.se\/wp-content\/uploads\/2026\/04\/StefanBlom.png&#8221; linkedin_url=&#8221;https:\/\/www.linkedin.com\/in\/stefan-blom-3869a34a\/&#8221; _builder_version=&#8221;4.27.6&#8243; _module_preset=&#8221;default&#8221; global_colors_info=&#8221;{}&#8221;]<\/p>\n<p><strong>Stefan Blom<\/strong> on Bloom IT Developmentin perustaja, jossa h\u00e4n auttaa keskisuuria ja suuria organisaatioita onnistumaan IT-transformaatiossa oman Bloom Framework\u2122 -viitekehyksens\u00e4 avulla \u2014 menetelm\u00e4n, joka yhdist\u00e4\u00e4 k\u00e4ytt\u00e4ytymistieteen ja IT-strategian todellisen k\u00e4ytt\u00f6\u00f6noton ja mitattavan ROI:n saavuttamiseksi. Taustallaan Red Hat -asiantuntijamyynti Atea:lla, liiketoiminnan kehitys Pirosilla sek\u00e4 yli kaksi vuosikymment\u00e4 myynnin ja johtamisen rooleissa Stefan tuo teknologiamuutokseen ainutlaatuisen ihmiskeskeisen n\u00e4k\u00f6kulman. H\u00e4n ty\u00f6skentelee kumppaneiden, kuten IBM:n, Red Hatin ja LOADin, kanssa auttaakseen organisaatioita alusta-siirtymiss\u00e4, vaatimustenmukaisuuden haasteissa ja pilvikompleksisuudessa \u2014 varmistaen, ett\u00e4 IT-investoinnit realisoituvat liiketoiminta-arvona, eiv\u00e4t vain uutena laitteistona.  <\/p>\n<p>[\/et_pb_team_member][\/et_pb_column][et_pb_column type=&#8221;1_3&#8243; _builder_version=&#8221;4.27.4&#8243; _module_preset=&#8221;default&#8221; global_colors_info=&#8221;{}&#8221;][et_pb_team_member name=&#8221;Jakob Brandel&#8221; position=&#8221;Director ja Head of Sales Engineering EMEA, EDB&#8221; image_url=&#8221;https:\/\/www.load.se\/wp-content\/uploads\/2026\/04\/JakobBrandel.jpg&#8221; linkedin_url=&#8221;https:\/\/www.linkedin.com\/in\/jakob-brandel-8318a62\/&#8221; _builder_version=&#8221;4.27.6&#8243; _module_preset=&#8221;default&#8221; global_colors_info=&#8221;{}&#8221;]<\/p>\n<p data-start=\"265\" data-end=\"658\"><strong>Jakob Brandel<\/strong> on EDB:n Director ja Head of Sales Engineering EMEA, ja h\u00e4n johtaa teknist\u00e4 myynti\u00e4 Euroopassa, L\u00e4hi-id\u00e4ss\u00e4 ja Afrikassa enterprise Postgres -teko\u00e4lyn k\u00e4ytt\u00f6\u00f6noton parissa. Yli 25 vuoden kokemuksella tiedonhallinnasta ja analytiikasta h\u00e4n on toiminut Sales Engineering -johtoteht\u00e4viss\u00e4 Snowflakella, Hitachi Vantaralla ja Informaticalla, ja h\u00e4nell\u00e4 on tutkinnot Stockholm School of Economicsista ja KTH:sta. Jakob on intohimoinen auttamaan organisaatioita muuttamaan data-alustainvestoinnit todellisiksi liiketoimintatuloksiksi \u2014 ja tuomaan t\u00e4m\u00e4n n\u00e4k\u00f6kulman teko\u00e4lyinfrastruktuurin maailmaan.  <\/p>\n<p>[\/et_pb_team_member][\/et_pb_column][\/et_pb_row][et_pb_row column_structure=&#8221;1_3,1_3,1_3&#8243; _builder_version=&#8221;4.27.4&#8243; _module_preset=&#8221;default&#8221; custom_padding=&#8221;||3px|||&#8221; global_colors_info=&#8221;{}&#8221;][et_pb_column type=&#8221;1_3&#8243; _builder_version=&#8221;4.27.4&#8243; _module_preset=&#8221;default&#8221; global_colors_info=&#8221;{}&#8221;][et_pb_team_member name=&#8221;Arshad Mehrab Memon &#8221; position=&#8221;Senior Solution Architect, SUSE&#8221; image_url=&#8221;https:\/\/www.load.se\/wp-content\/uploads\/2026\/04\/ArshadM.png&#8221; linkedin_url=&#8221;https:\/\/www.linkedin.com\/in\/arshadm\/&#8221; _builder_version=&#8221;4.27.6&#8243; _module_preset=&#8221;default&#8221; global_colors_info=&#8221;{}&#8221;]<\/p>\n<p><strong>Arshad Mehrab Memon<\/strong> on SUSEn Senior Solutions Architect, jossa h\u00e4n auttaa organisaatioita Pohjoismaissa linjaamaan IT-strategiansa modernien avoimen l\u00e4hdekoodin ratkaisujen kanssa, kattaen Enterprise Linuxin, konttien hallinnan, edge computingin, teko\u00e4lyn ja virtualisoinnin. Urallaan, joka on rakentunut syv\u00e4n teknisen osaamisen ja asiakasrajapinnan roolien risteykseen, Arshad on ty\u00f6skennellyt F5:ll\u00e4, PacketFront Softwarella ja Tilginill\u00e4, mik\u00e4 on tuonut h\u00e4nelle laajan kokemuksen verkottumisesta, sovellustoimituksesta ja alusta-arkkitehtuurista. H\u00e4nell\u00e4 on maisterin tutkinto Internetworkingista KTH Royal Institute of Technologysta.  <\/p>\n<p>[\/et_pb_team_member][\/et_pb_column][et_pb_column type=&#8221;1_3&#8243; _builder_version=&#8221;4.27.4&#8243; _module_preset=&#8221;default&#8221; global_colors_info=&#8221;{}&#8221;][et_pb_team_member name=&#8221;Mathias Pedersen&#8221; position=&#8221;Sales Manager, IBM Technology&#8221; image_url=&#8221;https:\/\/www.load.se\/wp-content\/uploads\/2026\/04\/mped.png&#8221; linkedin_url=&#8221;https:\/\/www.linkedin.com\/in\/mathped\/&#8221; _builder_version=&#8221;4.27.6&#8243; _module_preset=&#8221;default&#8221; global_colors_info=&#8221;{}&#8221;]<\/p>\n<p><strong>Mathias Pedersen<\/strong> on IBM:n IBM Technology -myynnin Sales Manager IBM North Region -alueella, jossa h\u00e4n johtaa infrastruktuurimyynti\u00e4 Pohjoismaiden markkinassa. Yli 20 vuoden IBM-urallaan Mathias on toiminut rooleissa, jotka kattavat tallennuslaitteiston, ohjelmistojen asiakasjohtamisen, enterprise-myynnin ja maajohtamisen \u2014 mik\u00e4 antaa h\u00e4nelle poikkeuksellisen laajan n\u00e4kemyksen siit\u00e4, miten IBM-teknologia tuottaa liiketoiminta-arvoa. H\u00e4nell\u00e4 on vahva kokemus ruotsalaisten ja pohjoismaisten organisaatioiden tukemisesta monimutkaisissa infrastruktuurip\u00e4\u00e4t\u00f6ksiss\u00e4, viimeksi IBM Systems -liiketoiminnan Country Managerina. Mathias tuo jokaiseen keskusteluun IBM Powerista ja sen avaamista mahdollisuuksista sek\u00e4 strategisen n\u00e4kemyksen ett\u00e4 k\u00e4yt\u00e4nn\u00f6n myyntiosaamisen.   <\/p>\n<p>[\/et_pb_team_member][\/et_pb_column][et_pb_column type=&#8221;1_3&#8243; _builder_version=&#8221;4.27.4&#8243; _module_preset=&#8221;default&#8221; global_colors_info=&#8221;{}&#8221;][\/et_pb_column][\/et_pb_row][\/et_pb_section]<\/p>\n","protected":false},"excerpt":{"rendered":"<p>Esitt\u00e4jin\u00e4 Load, IBM, SUSE ja EnterpriseDB<\/p>\n","protected":false},"author":1,"featured_media":0,"comment_status":"closed","ping_status":"closed","template":"","meta":{"_et_pb_use_builder":"on","_et_pb_old_content":"","_et_gb_content_width":"","footnotes":""},"project_category":[250],"project_tag":[],"class_list":["post-4031","project","type-project","status-publish","hentry","project_category-tapahtumat"],"yoast_head":"<!-- This site is optimized with the Yoast SEO Premium plugin v27.5 (Yoast SEO v27.5) - https:\/\/yoast.com\/product\/yoast-seo-premium-wordpress\/ -->\n<title>Tukholma \u2013 IBM Power -tapahtuma - Load System AB<\/title>\n<meta name=\"robots\" content=\"index, follow, max-snippet:-1, max-image-preview:large, max-video-preview:-1\" \/>\n<link rel=\"canonical\" href=\"https:\/\/www.load.se\/fi\/project\/tukholma-ibm-power-tapahtuma\/\" \/>\n<meta property=\"og:locale\" content=\"fi_FI\" \/>\n<meta property=\"og:type\" content=\"article\" \/>\n<meta property=\"og:title\" content=\"Tukholma \u2013 IBM Power -tapahtuma\" \/>\n<meta property=\"og:description\" content=\"Esitt\u00e4jin\u00e4 Load, IBM, SUSE ja EnterpriseDB\" \/>\n<meta property=\"og:url\" content=\"https:\/\/www.load.se\/fi\/project\/tukholma-ibm-power-tapahtuma\/\" \/>\n<meta property=\"og:site_name\" content=\"Load System AB\" \/>\n<meta property=\"article:modified_time\" content=\"2026-04-29T13:38:10+00:00\" \/>\n<meta name=\"twitter:card\" content=\"summary_large_image\" \/>\n<meta name=\"twitter:label1\" content=\"Arvioitu lukuaika\" \/>\n\t<meta name=\"twitter:data1\" content=\"13 minuuttia\" \/>\n<script type=\"application\/ld+json\" class=\"yoast-schema-graph\">{\"@context\":\"https:\\\/\\\/schema.org\",\"@graph\":[{\"@type\":\"WebPage\",\"@id\":\"https:\\\/\\\/www.load.se\\\/fi\\\/project\\\/tukholma-ibm-power-tapahtuma\\\/\",\"url\":\"https:\\\/\\\/www.load.se\\\/fi\\\/project\\\/tukholma-ibm-power-tapahtuma\\\/\",\"name\":\"Tukholma \u2013 IBM Power -tapahtuma - Load System AB\",\"isPartOf\":{\"@id\":\"https:\\\/\\\/www.load.se\\\/fi\\\/#website\"},\"datePublished\":\"2026-04-28T11:03:26+00:00\",\"dateModified\":\"2026-04-29T13:38:10+00:00\",\"breadcrumb\":{\"@id\":\"https:\\\/\\\/www.load.se\\\/fi\\\/project\\\/tukholma-ibm-power-tapahtuma\\\/#breadcrumb\"},\"inLanguage\":\"fi\",\"potentialAction\":[{\"@type\":\"ReadAction\",\"target\":[\"https:\\\/\\\/www.load.se\\\/fi\\\/project\\\/tukholma-ibm-power-tapahtuma\\\/\"]}]},{\"@type\":\"BreadcrumbList\",\"@id\":\"https:\\\/\\\/www.load.se\\\/fi\\\/project\\\/tukholma-ibm-power-tapahtuma\\\/#breadcrumb\",\"itemListElement\":[{\"@type\":\"ListItem\",\"position\":1,\"name\":\"Home\",\"item\":\"https:\\\/\\\/www.load.se\\\/fi\\\/\"},{\"@type\":\"ListItem\",\"position\":2,\"name\":\"Hankkeet\",\"item\":\"https:\\\/\\\/www.load.se\\\/fi\\\/project\\\/\"},{\"@type\":\"ListItem\",\"position\":3,\"name\":\"Tukholma \u2013 IBM Power -tapahtuma\"}]},{\"@type\":\"WebSite\",\"@id\":\"https:\\\/\\\/www.load.se\\\/fi\\\/#website\",\"url\":\"https:\\\/\\\/www.load.se\\\/fi\\\/\",\"name\":\"Load System AB\",\"description\":\"\",\"publisher\":{\"@id\":\"https:\\\/\\\/www.load.se\\\/fi\\\/#organization\"},\"potentialAction\":[{\"@type\":\"SearchAction\",\"target\":{\"@type\":\"EntryPoint\",\"urlTemplate\":\"https:\\\/\\\/www.load.se\\\/fi\\\/?s={search_term_string}\"},\"query-input\":{\"@type\":\"PropertyValueSpecification\",\"valueRequired\":true,\"valueName\":\"search_term_string\"}}],\"inLanguage\":\"fi\"},{\"@type\":\"Organization\",\"@id\":\"https:\\\/\\\/www.load.se\\\/fi\\\/#organization\",\"name\":\"Load System AB\",\"url\":\"https:\\\/\\\/www.load.se\\\/fi\\\/\",\"logo\":{\"@type\":\"ImageObject\",\"inLanguage\":\"fi\",\"@id\":\"https:\\\/\\\/www.load.se\\\/fi\\\/#\\\/schema\\\/logo\\\/image\\\/\",\"url\":\"http:\\\/\\\/www.load.se\\\/wp-content\\\/uploads\\\/2025\\\/10\\\/Load-website-6.png\",\"contentUrl\":\"http:\\\/\\\/www.load.se\\\/wp-content\\\/uploads\\\/2025\\\/10\\\/Load-website-6.png\",\"width\":2160,\"height\":800,\"caption\":\"Load System AB\"},\"image\":{\"@id\":\"https:\\\/\\\/www.load.se\\\/fi\\\/#\\\/schema\\\/logo\\\/image\\\/\"},\"sameAs\":[\"https:\\\/\\\/www.linkedin.com\\\/company\\\/load-ab\"]}]}<\/script>\n<!-- \/ Yoast SEO Premium plugin. -->","yoast_head_json":{"title":"Tukholma \u2013 IBM Power -tapahtuma - Load System AB","robots":{"index":"index","follow":"follow","max-snippet":"max-snippet:-1","max-image-preview":"max-image-preview:large","max-video-preview":"max-video-preview:-1"},"canonical":"https:\/\/www.load.se\/fi\/project\/tukholma-ibm-power-tapahtuma\/","og_locale":"fi_FI","og_type":"article","og_title":"Tukholma \u2013 IBM Power -tapahtuma","og_description":"Esitt\u00e4jin\u00e4 Load, IBM, SUSE ja EnterpriseDB","og_url":"https:\/\/www.load.se\/fi\/project\/tukholma-ibm-power-tapahtuma\/","og_site_name":"Load System AB","article_modified_time":"2026-04-29T13:38:10+00:00","twitter_card":"summary_large_image","twitter_misc":{"Arvioitu lukuaika":"13 minuuttia"},"schema":{"@context":"https:\/\/schema.org","@graph":[{"@type":"WebPage","@id":"https:\/\/www.load.se\/fi\/project\/tukholma-ibm-power-tapahtuma\/","url":"https:\/\/www.load.se\/fi\/project\/tukholma-ibm-power-tapahtuma\/","name":"Tukholma \u2013 IBM Power -tapahtuma - Load System AB","isPartOf":{"@id":"https:\/\/www.load.se\/fi\/#website"},"datePublished":"2026-04-28T11:03:26+00:00","dateModified":"2026-04-29T13:38:10+00:00","breadcrumb":{"@id":"https:\/\/www.load.se\/fi\/project\/tukholma-ibm-power-tapahtuma\/#breadcrumb"},"inLanguage":"fi","potentialAction":[{"@type":"ReadAction","target":["https:\/\/www.load.se\/fi\/project\/tukholma-ibm-power-tapahtuma\/"]}]},{"@type":"BreadcrumbList","@id":"https:\/\/www.load.se\/fi\/project\/tukholma-ibm-power-tapahtuma\/#breadcrumb","itemListElement":[{"@type":"ListItem","position":1,"name":"Home","item":"https:\/\/www.load.se\/fi\/"},{"@type":"ListItem","position":2,"name":"Hankkeet","item":"https:\/\/www.load.se\/fi\/project\/"},{"@type":"ListItem","position":3,"name":"Tukholma \u2013 IBM Power -tapahtuma"}]},{"@type":"WebSite","@id":"https:\/\/www.load.se\/fi\/#website","url":"https:\/\/www.load.se\/fi\/","name":"Load System AB","description":"","publisher":{"@id":"https:\/\/www.load.se\/fi\/#organization"},"potentialAction":[{"@type":"SearchAction","target":{"@type":"EntryPoint","urlTemplate":"https:\/\/www.load.se\/fi\/?s={search_term_string}"},"query-input":{"@type":"PropertyValueSpecification","valueRequired":true,"valueName":"search_term_string"}}],"inLanguage":"fi"},{"@type":"Organization","@id":"https:\/\/www.load.se\/fi\/#organization","name":"Load System AB","url":"https:\/\/www.load.se\/fi\/","logo":{"@type":"ImageObject","inLanguage":"fi","@id":"https:\/\/www.load.se\/fi\/#\/schema\/logo\/image\/","url":"http:\/\/www.load.se\/wp-content\/uploads\/2025\/10\/Load-website-6.png","contentUrl":"http:\/\/www.load.se\/wp-content\/uploads\/2025\/10\/Load-website-6.png","width":2160,"height":800,"caption":"Load System AB"},"image":{"@id":"https:\/\/www.load.se\/fi\/#\/schema\/logo\/image\/"},"sameAs":["https:\/\/www.linkedin.com\/company\/load-ab"]}]}},"_links":{"self":[{"href":"https:\/\/www.load.se\/fi\/wp-json\/wp\/v2\/project\/4031","targetHints":{"allow":["GET"]}}],"collection":[{"href":"https:\/\/www.load.se\/fi\/wp-json\/wp\/v2\/project"}],"about":[{"href":"https:\/\/www.load.se\/fi\/wp-json\/wp\/v2\/types\/project"}],"author":[{"embeddable":true,"href":"https:\/\/www.load.se\/fi\/wp-json\/wp\/v2\/users\/1"}],"replies":[{"embeddable":true,"href":"https:\/\/www.load.se\/fi\/wp-json\/wp\/v2\/comments?post=4031"}],"version-history":[{"count":8,"href":"https:\/\/www.load.se\/fi\/wp-json\/wp\/v2\/project\/4031\/revisions"}],"predecessor-version":[{"id":4093,"href":"https:\/\/www.load.se\/fi\/wp-json\/wp\/v2\/project\/4031\/revisions\/4093"}],"wp:attachment":[{"href":"https:\/\/www.load.se\/fi\/wp-json\/wp\/v2\/media?parent=4031"}],"wp:term":[{"taxonomy":"project_category","embeddable":true,"href":"https:\/\/www.load.se\/fi\/wp-json\/wp\/v2\/project_category?post=4031"},{"taxonomy":"project_tag","embeddable":true,"href":"https:\/\/www.load.se\/fi\/wp-json\/wp\/v2\/project_tag?post=4031"}],"curies":[{"name":"wp","href":"https:\/\/api.w.org\/{rel}","templated":true}]}}